{"id":8172,"date":"2024-02-22T12:49:59","date_gmt":"2024-02-22T12:49:59","guid":{"rendered":"https:\/\/adamaxtransport.eu\/?page_id=8172"},"modified":"2024-02-22T15:04:50","modified_gmt":"2024-02-22T15:04:50","slug":"rodo","status":"publish","type":"page","link":"https:\/\/adamaxtransport.eu\/en\/rodo\/","title":{"rendered":"(RODO\/GDPR)"},"content":{"rendered":"<div data-elementor-type=\"wp-page\" data-elementor-id=\"8172\" class=\"elementor elementor-8172\" data-elementor-post-type=\"page\">\n\t\t\t\t<div class=\"elementor-element elementor-element-123c25c e-flex e-con-boxed e-con e-parent\" data-id=\"123c25c\" data-element_type=\"container\" data-settings=\"{&quot;_ha_eqh_enable&quot;:false}\">\n\t\t\t\t\t<div class=\"e-con-inner\">\n\t\t\t\t<div class=\"elementor-element elementor-element-ad91419 elementor-widget elementor-widget-heading\" data-id=\"ad91419\" data-element_type=\"widget\" data-widget_type=\"heading.default\">\n\t\t\t\t<div class=\"elementor-widget-container\">\n\t\t\t<h2 class=\"elementor-heading-title elementor-size-default\"><b>INFORMACJA DOTYCZ\u0104CA<\/b> RODO<\/h2>\t\t<\/div>\n\t\t\t\t<\/div>\n\t\t\t\t\t<\/div>\n\t\t\t\t<\/div>\n\t\t<div class=\"elementor-element elementor-element-d87f4e2 e-flex e-con-boxed e-con e-parent\" data-id=\"d87f4e2\" data-element_type=\"container\" data-settings=\"{&quot;_ha_eqh_enable&quot;:false}\">\n\t\t\t\t\t<div class=\"e-con-inner\">\n\t\t\t\t<div class=\"elementor-element elementor-element-5b97b5c elementor-widget elementor-widget-text-editor\" data-id=\"5b97b5c\" data-element_type=\"widget\" data-widget_type=\"text-editor.default\">\n\t\t\t\t<div class=\"elementor-widget-container\">\n\t\t\t\t\t\t\t<p>W zwi\u0105zku ze zmian\u0105 przepis\u00f3w dotycz\u0105cych ochrony danych osobowych, tj. wej\u015bciem w \u017cycie Rozporz\u0105dzenia Parlamentu Europejskiego i Rady (UE) 2016\/679 z dnia 27 kwietnia 2016 r. w sprawie ochrony os\u00f3b fizycznych w zwi\u0105zku z przetwarzaniem danych osobowych i w sprawie swobodnego przep\u0142ywu takich danych oraz uchylenia dyrektywy 95\/46\/WE (RODO\/GDPR), uprzejmie informujemy, \u017ce informacje dotycz\u0105ce powy\u017cszej zmiany znajd\u0105 Pa\u0144stwo w pliku poni\u017cej:<\/p>\t\t\t\t\t\t<\/div>\n\t\t\t\t<\/div>\n\t\t\t\t\t<\/div>\n\t\t\t\t<\/div>\n\t\t<div class=\"elementor-element elementor-element-8664239 e-flex e-con-boxed e-con e-parent\" data-id=\"8664239\" data-element_type=\"container\" data-settings=\"{&quot;_ha_eqh_enable&quot;:false}\">\n\t\t\t\t\t<div class=\"e-con-inner\">\n\t\t\t\t<div class=\"elementor-element elementor-element-1c17089 elementor-widget elementor-widget-ha-pdf-view happy-addon ha-pdf-view\" data-id=\"1c17089\" data-element_type=\"widget\" data-widget_type=\"ha-pdf-view.default\">\n\t\t\t\t<div class=\"elementor-widget-container\">\n\t\t\t        <div class=\"pdf_viewer_container\">\n            <div class=\"pdf_viewer_options viewer-1c17089\" data-pdf-settings=\"{&quot;unique_id&quot;:&quot;viewer-1c17089&quot;,&quot;pdf_url&quot;:&quot;https:\\\/\\\/adamaxtransport.eu\\\/wp-content\\\/uploads\\\/2024\\\/02\\\/Informacja-dotyczaca-RODO.pdf&quot;,&quot;file_type&quot;:&quot;upload_file&quot;,&quot;page_number&quot;:&quot;1&quot;,&quot;width&quot;:&quot;100%&quot;,&quot;height&quot;:&quot;600px&quot;}\">\n\t\t\t\t<span class=\"ha-title-flex\">\n\t\t\t\t\t<span class=\"pdf-icon\">\n\t\t\t\t\t\t\t\t\t\t\t<\/span>\n\t\t\t\t\t\t\t\t\t<\/span>\n\t\t\t\t                <div class=\"pdf-button\">\n                                <\/div>\n            <\/div>\n\n\t\t\t<div>\n\t\t\t\t<div id=\"viewer-1c17089\"><\/div>\n\t\t\t<\/div>\n\n        <\/div>\n        \t\t<\/div>\n\t\t\t\t<\/div>\n\t\t\t\t\t<\/div>\n\t\t\t\t<\/div>\n\t\t\t\t<\/div>","protected":false},"excerpt":{"rendered":"<p>INFORMACJA DOTYCZ\u0104CA RODO W zwi\u0105zku ze zmian\u0105 przepis\u00f3w dotycz\u0105cych ochrony danych osobowych, tj. wej\u015bciem w \u017cycie Rozporz\u0105dzenia Parlamentu Europejskiego i Rady (UE) 2016\/679 z dnia 27 kwietnia 2016 r. w sprawie ochrony os\u00f3b fizycznych w zwi\u0105zku z przetwarzaniem danych osobowych i w sprawie swobodnego przep\u0142ywu takich danych oraz uchylenia dyrektywy 95\/46\/WE (RODO\/GDPR), uprzejmie informujemy, \u017ce&#8230;<\/p>","protected":false},"author":1,"featured_media":0,"parent":0,"menu_order":0,"comment_status":"closed","ping_status":"closed","template":"","meta":{"_kadence_starter_templates_imported_post":false,"_kad_post_transparent":"","_kad_post_title":"hide","_kad_post_layout":"fullwidth","_kad_post_sidebar_id":"","_kad_post_content_style":"unboxed","_kad_post_vertical_padding":"hide","_kad_post_feature":"hide","_kad_post_feature_position":"","_kad_post_header":false,"_kad_post_footer":false,"footnotes":""},"class_list":["post-8172","page","type-page","status-publish","hentry"],"_links":{"self":[{"href":"https:\/\/adamaxtransport.eu\/en\/wp-json\/wp\/v2\/pages\/8172"}],"collection":[{"href":"https:\/\/adamaxtransport.eu\/en\/wp-json\/wp\/v2\/pages"}],"about":[{"href":"https:\/\/adamaxtransport.eu\/en\/wp-json\/wp\/v2\/types\/page"}],"author":[{"embeddable":true,"href":"https:\/\/adamaxtransport.eu\/en\/wp-json\/wp\/v2\/users\/1"}],"replies":[{"embeddable":true,"href":"https:\/\/adamaxtransport.eu\/en\/wp-json\/wp\/v2\/comments?post=8172"}],"version-history":[{"count":13,"href":"https:\/\/adamaxtransport.eu\/en\/wp-json\/wp\/v2\/pages\/8172\/revisions"}],"predecessor-version":[{"id":8223,"href":"https:\/\/adamaxtransport.eu\/en\/wp-json\/wp\/v2\/pages\/8172\/revisions\/8223"}],"wp:attachment":[{"href":"https:\/\/adamaxtransport.eu\/en\/wp-json\/wp\/v2\/media?parent=8172"}],"curies":[{"name":"wp","href":"https:\/\/api.w.org\/{rel}","templated":true}]}}